{"id":2493,"date":"2025-05-22T09:05:43","date_gmt":"2025-05-22T09:05:43","guid":{"rendered":"https:\/\/www.compassrent.net\/sense%20categoria\/ci-magis-84-xt\/"},"modified":"2025-12-03T12:19:02","modified_gmt":"2025-12-03T12:19:02","slug":"ci-magis-84-xt","status":"publish","type":"product","link":"https:\/\/www.compassrent.net\/ca\/lloguer-autocaravanes-ca\/ci-magis-84-xt\/","title":{"rendered":"Ci Magis 84 XT"},"content":{"rendered":"<h3 data-start=\"155\" data-end=\"196\">Autocaravana integral CI Magis 84 XT:<\/h3>\n<p data-start=\"198\" data-end=\"416\"><strong data-start=\"198\" data-end=\"209\">Chasis:<\/strong> Fiat<br data-start=\"214\" data-end=\"217\" \/><strong data-start=\"217\" data-end=\"227\">Motor:<\/strong> 2.2L 140cv<br data-start=\"238\" data-end=\"241\" \/><strong data-start=\"241\" data-end=\"249\">MMA:<\/strong> 3.500 kg<br data-start=\"258\" data-end=\"261\" \/><strong data-start=\"261\" data-end=\"271\" data-is-only-node=\"\">Camas:<\/strong> Gemelas + Cama basculante el\u00e9ctrica + Cama dinette<br data-start=\"322\" data-end=\"325\" \/><strong data-start=\"325\" data-end=\"337\">Comedor:<\/strong> Dinette en L<br data-start=\"350\" data-end=\"353\" \/><strong data-start=\"353\" data-end=\"370\">Ba\u00f1o y ducha:<\/strong> Separados<br data-start=\"380\" data-end=\"383\" \/><strong data-start=\"383\" data-end=\"394\">Garaje:<\/strong> Portones de 115&#215;85 cm<\/p>\n<p data-start=\"423\" data-end=\"449\"><strong data-start=\"423\" data-end=\"449\">Equipamiento incluido:<\/strong><\/p>\n<ul data-start=\"451\" data-end=\"1726\">\n<li data-start=\"451\" data-end=\"483\">\n<p data-start=\"453\" data-end=\"483\">Aire acondicionado en cabina<\/p>\n<\/li>\n<li data-start=\"484\" data-end=\"517\">\n<p data-start=\"486\" data-end=\"517\">Tempomat (control de crucero)<\/p>\n<\/li>\n<li data-start=\"518\" data-end=\"552\">\n<p data-start=\"520\" data-end=\"552\">Airbag conductor y acompa\u00f1ante<\/p>\n<\/li>\n<li data-start=\"553\" data-end=\"595\">\n<p data-start=\"555\" data-end=\"595\">Retrovisores el\u00e9ctricos y calefactados<\/p>\n<\/li>\n<li data-start=\"596\" data-end=\"633\">\n<p data-start=\"598\" data-end=\"633\">Fix&amp;Go (kit reparaci\u00f3n pinchazos)<\/p>\n<\/li>\n<li data-start=\"634\" data-end=\"657\">\n<p data-start=\"636\" data-end=\"657\">ABS\/ESP, Start&amp;Stop<\/p>\n<\/li>\n<li data-start=\"658\" data-end=\"703\">\n<p data-start=\"660\" data-end=\"703\">Cortinas oscurecedoras plisadas en cabina<\/p>\n<\/li>\n<li data-start=\"704\" data-end=\"739\">\n<p data-start=\"706\" data-end=\"739\">Mosquitera en puerta de entrada<\/p>\n<\/li>\n<li data-start=\"740\" data-end=\"761\">\n<p data-start=\"742\" data-end=\"761\">Escal\u00f3n integrado<\/p>\n<\/li>\n<li data-start=\"762\" data-end=\"777\">\n<p data-start=\"764\" data-end=\"777\">Placa solar<\/p>\n<\/li>\n<li data-start=\"778\" data-end=\"806\">\n<p data-start=\"780\" data-end=\"806\">C\u00e1mara de visi\u00f3n trasera<\/p>\n<\/li>\n<li data-start=\"807\" data-end=\"847\">\n<p data-start=\"809\" data-end=\"847\">Faros antiniebla con funci\u00f3n de giro<\/p>\n<\/li>\n<li data-start=\"848\" data-end=\"872\">\n<p data-start=\"850\" data-end=\"872\">Volante multifunci\u00f3n<\/p>\n<\/li>\n<li data-start=\"873\" data-end=\"909\">\n<p data-start=\"875\" data-end=\"909\">Volante y pomo de cambio en piel<\/p>\n<\/li>\n<li data-start=\"910\" data-end=\"972\">\n<p data-start=\"912\" data-end=\"972\">Rejilla frontal negra, skid plate y marcos de faros negros<\/p>\n<\/li>\n<li data-start=\"973\" data-end=\"1050\">\n<p data-start=\"975\" data-end=\"1050\">Puerta de entrada con dos puntos de cierre, ventana y cierre centralizado<\/p>\n<\/li>\n<li data-start=\"1051\" data-end=\"1090\">\n<p data-start=\"1053\" data-end=\"1090\">Calefacci\u00f3n TRUMA Combi 4D a gasoil<\/p>\n<\/li>\n<li data-start=\"1091\" data-end=\"1123\">\n<p data-start=\"1093\" data-end=\"1123\">Panel LCD Truma para control<\/p>\n<\/li>\n<li data-start=\"1124\" data-end=\"1175\">\n<p data-start=\"1126\" data-end=\"1175\">Frigor\u00edfico trivalente autom\u00e1tico de 135 litros<\/p>\n<\/li>\n<li data-start=\"1176\" data-end=\"1228\">\n<p data-start=\"1178\" data-end=\"1228\">Dep\u00f3sitos de agua: limpia 100 L \/ residual 100 L<\/p>\n<\/li>\n<li data-start=\"1229\" data-end=\"1261\">\n<p data-start=\"1231\" data-end=\"1261\">Bater\u00eda habit\u00e1culo de 100 Ah<\/p>\n<\/li>\n<li data-start=\"1262\" data-end=\"1327\">\n<p data-start=\"1264\" data-end=\"1327\">Llantas de aleaci\u00f3n de 16&#8243; con suspensi\u00f3n ligera en compuesto<\/p>\n<\/li>\n<li data-start=\"1328\" data-end=\"1361\">\n<p data-start=\"1330\" data-end=\"1361\">ISOFIX para sillas infantiles<\/p>\n<\/li>\n<li data-start=\"1362\" data-end=\"1385\">\n<p data-start=\"1364\" data-end=\"1385\">Toldo de 4,5 metros<\/p>\n<\/li>\n<li data-start=\"1386\" data-end=\"1415\">\n<p data-start=\"1388\" data-end=\"1415\">Cubierta fregadero cocina<\/p>\n<\/li>\n<li data-start=\"1416\" data-end=\"1446\">\n<p data-start=\"1418\" data-end=\"1446\">Tapizado en polipiel SATIN<\/p>\n<\/li>\n<li data-start=\"1447\" data-end=\"1479\">\n<p data-start=\"1449\" data-end=\"1479\">Mobiliario alternativo claro<\/p>\n<\/li>\n<li data-start=\"1480\" data-end=\"1600\">\n<p data-start=\"1482\" data-end=\"1600\">Pack Elegance: salpicadero Techno, luces de d\u00eda LED, volante y pomo en piel, TMPS (control de presi\u00f3n de neum\u00e1ticos)<\/p>\n<\/li>\n<li data-start=\"1601\" data-end=\"1655\">\n<p data-start=\"1603\" data-end=\"1655\">Aislamiento de suelo\/paredes\/techo: 5,4 \/ 3 \/ 3 cm<\/p>\n<\/li>\n<li data-start=\"1656\" data-end=\"1690\">\n<p data-start=\"1658\" data-end=\"1690\">Tomas USB y 12V en salpicadero<\/p>\n<\/li>\n<li data-start=\"1691\" data-end=\"1726\">\n<p data-start=\"1693\" data-end=\"1726\">2 espacios para bombonas de gas<\/p>\n<\/li>\n<\/ul>\n<p data-start=\"1733\" data-end=\"1753\"><strong data-start=\"1733\" data-end=\"1753\">Incluye tambi\u00e9n:<\/strong><\/p>\n<ul data-start=\"1755\" data-end=\"2003\">\n<li data-start=\"1755\" data-end=\"1783\">\n<p data-start=\"1757\" data-end=\"1783\">Cu\u00f1as de estacionamiento<\/p>\n<\/li>\n<li data-start=\"1784\" data-end=\"1806\">\n<p data-start=\"1786\" data-end=\"1806\">Cable de corriente<\/p>\n<\/li>\n<li data-start=\"1807\" data-end=\"1835\">\n<p data-start=\"1809\" data-end=\"1835\">Manguera de agua potable<\/p>\n<\/li>\n<li data-start=\"1836\" data-end=\"1889\">\n<p data-start=\"1838\" data-end=\"1889\">Dep\u00f3sito de gasoil lleno (se debe devolver lleno)<\/p>\n<\/li>\n<li data-start=\"1890\" data-end=\"1909\">\n<p data-start=\"1892\" data-end=\"1909\">Bombonas de gas<\/p>\n<\/li>\n<li data-start=\"1910\" data-end=\"1929\">\n<p data-start=\"1912\" data-end=\"1929\">L\u00edquido para WC<\/p>\n<\/li>\n<li data-start=\"1930\" data-end=\"1961\">\n<p data-start=\"1932\" data-end=\"1961\">Asistencia en carretera 24H<\/p>\n<\/li>\n<li data-start=\"1962\" data-end=\"1983\">\n<p data-start=\"1964\" data-end=\"1983\">Limpieza exterior<\/p>\n<\/li>\n<li data-start=\"1984\" data-end=\"2003\">\n<p data-start=\"1986\" data-end=\"2003\">Kit de limpieza<\/p>\n<\/li>\n<\/ul>\n<p>&#8212;&#8212;&#8212;&#8212;&#8212;&#8212;&#8212;&#8212;&#8212;&#8212;&#8212;&#8212;&#8212;&#8212;&#8212;&#8212;&#8211;<\/p>\n<ul>\n<li>IVA 21%<\/li>\n<li>Seguro a todo riesgo con franquicia 900\u20ac por siniestro (VISA)<\/li>\n<\/ul>\n","protected":false},"excerpt":{"rendered":"<p>Autocaravana integral CI Magis 84 XT: Chasis: FiatMotor: 2.2L 140cvMMA: 3.500 kgCamas: Gemelas + Cama basculante el\u00e9ctrica + Cama dinetteComedor: Dinette en LBa\u00f1o y ducha: SeparadosGaraje: Portones de 115&#215;85 cm Equipamiento incluido: Aire acondicionado en cabina Tempomat (control de crucero) Airbag conductor y acompa\u00f1ante Retrovisores el\u00e9ctricos y calefactados Fix&amp;Go (kit reparaci\u00f3n pinchazos) ABS\/ESP, Start&amp;Stop Cortinas [&hellip;]<\/p>\n","protected":false},"featured_media":3345,"comment_status":"open","ping_status":"closed","template":"","meta":[],"product_brand":[],"product_cat":[82],"product_tag":[],"class_list":{"0":"post-2493","1":"product","2":"type-product","3":"status-publish","4":"has-post-thumbnail","6":"product_cat-lloguer-autocaravanes-ca","8":"first","9":"instock","10":"shipping-taxable","11":"product-type-simple"},"_links":{"self":[{"href":"https:\/\/www.compassrent.net\/ca\/wp-json\/wp\/v2\/product\/2493","targetHints":{"allow":["GET"]}}],"collection":[{"href":"https:\/\/www.compassrent.net\/ca\/wp-json\/wp\/v2\/product"}],"about":[{"href":"https:\/\/www.compassrent.net\/ca\/wp-json\/wp\/v2\/types\/product"}],"replies":[{"embeddable":true,"href":"https:\/\/www.compassrent.net\/ca\/wp-json\/wp\/v2\/comments?post=2493"}],"wp:featuredmedia":[{"embeddable":true,"href":"https:\/\/www.compassrent.net\/ca\/wp-json\/wp\/v2\/media\/3345"}],"wp:attachment":[{"href":"https:\/\/www.compassrent.net\/ca\/wp-json\/wp\/v2\/media?parent=2493"}],"wp:term":[{"taxonomy":"product_brand","embeddable":true,"href":"https:\/\/www.compassrent.net\/ca\/wp-json\/wp\/v2\/product_brand?post=2493"},{"taxonomy":"product_cat","embeddable":true,"href":"https:\/\/www.compassrent.net\/ca\/wp-json\/wp\/v2\/product_cat?post=2493"},{"taxonomy":"product_tag","embeddable":true,"href":"https:\/\/www.compassrent.net\/ca\/wp-json\/wp\/v2\/product_tag?post=2493"}],"curies":[{"name":"wp","href":"https:\/\/api.w.org\/{rel}","templated":true}]}}