{"id":2105,"date":"2024-01-20T15:10:15","date_gmt":"2024-01-20T15:10:15","guid":{"rendered":"https:\/\/compassrent.net\/condiciones-de-alquiler\/"},"modified":"2025-02-12T18:27:28","modified_gmt":"2025-02-12T18:27:28","slug":"condiciones-de-autocaravanes","status":"publish","type":"page","link":"https:\/\/www.compassrent.net\/ca\/condiciones-de-autocaravanes\/","title":{"rendered":"CONDICIONS GENERALS DE LES AUTOCARAVANES"},"content":{"rendered":"\t\t<div data-elementor-type=\"wp-page\" data-elementor-id=\"2105\" class=\"elementor elementor-2105 elementor-334\" data-elementor-post-type=\"page\">\n\t\t\t\t<div class=\"elementor-element elementor-element-ad02ef4 e-con-full e-flex e-con e-parent\" data-id=\"ad02ef4\" data-element_type=\"container\" data-e-type=\"container\" data-settings=\"{&quot;background_background&quot;:&quot;classic&quot;}\">\n\t\t\t\t<div class=\"elementor-element elementor-element-2e5017c elementor-widget elementor-widget-heading\" data-id=\"2e5017c\" data-element_type=\"widget\" data-e-type=\"widget\" data-widget_type=\"heading.default\">\n\t\t\t\t<div class=\"elementor-widget-container\">\n\t\t\t\t\t<h2 class=\"elementor-heading-title elementor-size-default\">CONDICIONS DE LLOGUER D'AUTOCARAVANES<\/h2>\t\t\t\t<\/div>\n\t\t\t\t<\/div>\n\t\t\t\t<\/div>\n\t\t<div class=\"elementor-element elementor-element-ea464d7 e-flex e-con-boxed e-con e-parent\" data-id=\"ea464d7\" data-element_type=\"container\" data-e-type=\"container\">\n\t\t\t\t\t<div class=\"e-con-inner\">\n\t\t\t\t<div class=\"elementor-element elementor-element-c8a0ca4 elementor-widget elementor-widget-toggle\" data-id=\"c8a0ca4\" data-element_type=\"widget\" data-e-type=\"widget\" data-widget_type=\"toggle.default\">\n\t\t\t\t<div class=\"elementor-widget-container\">\n\t\t\t\t\t\t\t<div class=\"elementor-toggle\">\n\t\t\t\t\t\t\t<div class=\"elementor-toggle-item\">\n\t\t\t\t\t<div id=\"elementor-tab-title-2101\" class=\"elementor-tab-title\" data-tab=\"1\" role=\"button\" aria-controls=\"elementor-tab-content-2101\" aria-expanded=\"false\">\n\t\t\t\t\t\t\t\t\t\t\t\t<span class=\"elementor-toggle-icon elementor-toggle-icon-left\" aria-hidden=\"true\">\n\t\t\t\t\t\t\t\t\t\t\t\t\t\t\t<span class=\"elementor-toggle-icon-closed\"><svg class=\"e-font-icon-svg e-fas-caret-right\" viewBox=\"0 0 192 512\" xmlns=\"http:\/\/www.w3.org\/2000\/svg\"><path d=\"M0 384.662V127.338c0-17.818 21.543-26.741 34.142-14.142l128.662 128.662c7.81 7.81 7.81 20.474 0 28.284L34.142 398.804C21.543 411.404 0 402.48 0 384.662z\"><\/path><\/svg><\/span>\n\t\t\t\t\t\t\t\t<span class=\"elementor-toggle-icon-opened\"><svg class=\"elementor-toggle-icon-opened e-font-icon-svg e-fas-caret-up\" viewBox=\"0 0 320 512\" xmlns=\"http:\/\/www.w3.org\/2000\/svg\"><path d=\"M288.662 352H31.338c-17.818 0-26.741-21.543-14.142-34.142l128.662-128.662c7.81-7.81 20.474-7.81 28.284 0l128.662 128.662c12.6 12.599 3.676 34.142-14.142 34.142z\"><\/path><\/svg><\/span>\n\t\t\t\t\t\t\t\t\t\t\t\t\t<\/span>\n\t\t\t\t\t\t\t\t\t\t\t\t<a class=\"elementor-toggle-title\" tabindex=\"0\">1. \u00c0mbit d'aplicaci\u00f3, contingut del contracte, dret aplicable<\/a>\n\t\t\t\t\t<\/div>\n\n\t\t\t\t\t<div id=\"elementor-tab-content-2101\" class=\"elementor-tab-content elementor-clearfix\" data-tab=\"1\" role=\"region\" aria-labelledby=\"elementor-tab-title-2101\"><p>1.1. \u00danicament s\u00f3n v\u00e0lides les seg\u00fcents Condicions generals de COMPASS RENT SL, els seus socis i llicenciataris (en endavant, \u201cl\u2019arrendador\u201d). No s\u2019admetran aquelles condiciones que siguin contr\u00e0ries a les Condicions Comercials de l&#8217;Arrendador. Aquestes \u00faltimes tamb\u00e9 seran v\u00e0lides quan l&#8217;arrendador llogui sense reserva l&#8217;autocaravana a l&#8217;arrendatari, tot i con\u00e8ixer les condicions divergents de l&#8217;arrendatari.<\/p><p>1.2. L&#8217;objectiu del contracte formalitzat amb l&#8217;arrendatari, \u00e9s \u00fanicament l&#8217;entrega en r\u00e8gim de lloguer de l&#8217;autocaravana. L&#8217;arrendatari no deur\u00e0 les prestacions del viatge ni la totalitat d&#8217;aquestes \u00faltimes.<\/p><p>1.3. En cas de reserva, entre l&#8217;arrendatari i el\/els arrendadors es formalitzar\u00e0 un contracte de lloguer regit exclusivament pel dret espanyol. L&#8217;arrendatari organitzar\u00e0 ell mateix el seu viatge i utilitzar\u00e0 el vehicle sota la seva pr\u00f2pia responsabilitat. El contracte de lloguer estar\u00e0 limitat a la durada acordada. Queda exclosa la prolongaci\u00f3 t\u00e0cita del contracte de lloguer per un per\u00edode indeterminat degut a un \u00fas continuat.<\/p><p>1.4. Tots els acords entre l&#8217;arrendador i l&#8217;arrendatari es realitzaran per escrit.<\/p><\/div>\n\t\t\t\t<\/div>\n\t\t\t\t\t\t\t<div class=\"elementor-toggle-item\">\n\t\t\t\t\t<div id=\"elementor-tab-title-2102\" class=\"elementor-tab-title\" data-tab=\"2\" role=\"button\" aria-controls=\"elementor-tab-content-2102\" aria-expanded=\"false\">\n\t\t\t\t\t\t\t\t\t\t\t\t<span class=\"elementor-toggle-icon elementor-toggle-icon-left\" aria-hidden=\"true\">\n\t\t\t\t\t\t\t\t\t\t\t\t\t\t\t<span class=\"elementor-toggle-icon-closed\"><svg class=\"e-font-icon-svg e-fas-caret-right\" viewBox=\"0 0 192 512\" xmlns=\"http:\/\/www.w3.org\/2000\/svg\"><path d=\"M0 384.662V127.338c0-17.818 21.543-26.741 34.142-14.142l128.662 128.662c7.81 7.81 7.81 20.474 0 28.284L34.142 398.804C21.543 411.404 0 402.48 0 384.662z\"><\/path><\/svg><\/span>\n\t\t\t\t\t\t\t\t<span class=\"elementor-toggle-icon-opened\"><svg class=\"elementor-toggle-icon-opened e-font-icon-svg e-fas-caret-up\" viewBox=\"0 0 320 512\" xmlns=\"http:\/\/www.w3.org\/2000\/svg\"><path d=\"M288.662 352H31.338c-17.818 0-26.741-21.543-14.142-34.142l128.662-128.662c7.81-7.81 20.474-7.81 28.284 0l128.662 128.662c12.6 12.599 3.676 34.142-14.142 34.142z\"><\/path><\/svg><\/span>\n\t\t\t\t\t\t\t\t\t\t\t\t\t<\/span>\n\t\t\t\t\t\t\t\t\t\t\t\t<a class=\"elementor-toggle-title\" tabindex=\"0\">2. Edat m\u00ednima, conductors autoritzats<\/a>\n\t\t\t\t\t<\/div>\n\n\t\t\t\t\t<div id=\"elementor-tab-content-2102\" class=\"elementor-tab-content elementor-clearfix\" data-tab=\"2\" role=\"region\" aria-labelledby=\"elementor-tab-title-2102\"><p>2.1. L\u2019arrendador i cada un dels conductors haur\u00e0 de tenir m\u00ednim 25 anys i estar en possessi\u00f3 d\u2019un perm\u00eds de conducci\u00f3 classe B amb m\u00e9s de dos anys d\u2019antiguitat o el perm\u00eds nacional corresponent. En cas de no ser resident a la UE haur\u00e0 de tenir el perm\u00eds de conduir internacional.<\/p><p>2.2. S\u2019adverteix que, alguns vehicles de l\u2019arrendador tenen un pes total superior a les 3,5 tones i que per conduir aquests vehicles es necessita el perm\u00eds de conducci\u00f3 corresponent.<\/p><p>Per major seguretat, els titulars d\u2019un perm\u00eds de conduir classe B hauran de consultar amb l\u2019arrendador la massa total autoritzada del vehicle llogar per l\u2019arrendatari.<\/p><p>2.3. Si en el moment de l\u2019entrega de l\u2019autocaravana llogada no es disposa del perm\u00eds de conduir que correspongui amb el vehicle llogat, es considerar\u00e0 que no s\u2019ha recollit l\u2019autocaravana; en aquest cas s\u2019aplicaran les condicions d\u2019anul\u00b7laci\u00f3 corresponents (apdo.4.2).<\/p><p>2.4. Tan sols podran conduir el vehicle l\u2019arrendatari i els conductors addicionals que s\u2019hagin registrat en el centre de lloguer.<\/p><\/div>\n\t\t\t\t<\/div>\n\t\t\t\t\t\t\t<div class=\"elementor-toggle-item\">\n\t\t\t\t\t<div id=\"elementor-tab-title-2103\" class=\"elementor-tab-title\" data-tab=\"3\" role=\"button\" aria-controls=\"elementor-tab-content-2103\" aria-expanded=\"false\">\n\t\t\t\t\t\t\t\t\t\t\t\t<span class=\"elementor-toggle-icon elementor-toggle-icon-left\" aria-hidden=\"true\">\n\t\t\t\t\t\t\t\t\t\t\t\t\t\t\t<span class=\"elementor-toggle-icon-closed\"><svg class=\"e-font-icon-svg e-fas-caret-right\" viewBox=\"0 0 192 512\" xmlns=\"http:\/\/www.w3.org\/2000\/svg\"><path d=\"M0 384.662V127.338c0-17.818 21.543-26.741 34.142-14.142l128.662 128.662c7.81 7.81 7.81 20.474 0 28.284L34.142 398.804C21.543 411.404 0 402.48 0 384.662z\"><\/path><\/svg><\/span>\n\t\t\t\t\t\t\t\t<span class=\"elementor-toggle-icon-opened\"><svg class=\"elementor-toggle-icon-opened e-font-icon-svg e-fas-caret-up\" viewBox=\"0 0 320 512\" xmlns=\"http:\/\/www.w3.org\/2000\/svg\"><path d=\"M288.662 352H31.338c-17.818 0-26.741-21.543-14.142-34.142l128.662-128.662c7.81-7.81 20.474-7.81 28.284 0l128.662 128.662c12.6 12.599 3.676 34.142-14.142 34.142z\"><\/path><\/svg><\/span>\n\t\t\t\t\t\t\t\t\t\t\t\t\t<\/span>\n\t\t\t\t\t\t\t\t\t\t\t\t<a class=\"elementor-toggle-title\" tabindex=\"0\">3. Preus de lloguer i c\u00e0lcul, durada del lloguer<\/a>\n\t\t\t\t\t<\/div>\n\n\t\t\t\t\t<div id=\"elementor-tab-content-2103\" class=\"elementor-tab-content elementor-clearfix\" data-tab=\"3\" role=\"region\" aria-labelledby=\"elementor-tab-title-2103\"><p>3.1. Els preus de lloguer, es deriven de la llista de preus de l\u2019arrendador en vigor en el moment de formalitzar el contracte. El per\u00edode m\u00ednim establert de lloguer durant determinades \u00e8poques de l\u2019any, tamb\u00e9 deriva de la llista de preus de l\u2019arrendador en vigor en el moment de firmar el contracte. En funci\u00f3 dels dies de lloguer reservats, seran v\u00e0lids els preus que apareguin a la llista per la temporada corresponent. Per cada lloguer es cobrar\u00e0 un import fixe i \u00fanic pels serveis prestats, la garantia de la qual es pot consultar en la llista de preus de l\u2019arrendador vigent en el moment de formalitzar el contracte.<\/p><p>3.2. Els preus de lloguer dels accessoris opcionals es deriven de la llista de preus de l\u2019arrendador en vigor en el moment de formalitzar el contracte.<\/p><p>3.3. El lloguer m\u00ednim \u00e9s de tres dies.<\/p><p>3.4. Els corresponents preus de lloguer inclouen: IVA, quilometratge il\u00b7limitat per lloguers de m\u00e9s de tres dies, asseguran\u00e7a a tot risc segons la corresponent cobertura d\u2019assegurances (apartat 11), garantia de mobilitat i fabricant xass\u00eds-cabina.<\/p><p>3.5. El per\u00edode de lloguer comen\u00e7a amb la recollida de l\u2019autocaravana per part de l\u2019arrendatari en el centre de lloguer i finalitza amb la recollida del vehicle per part de l\u2019empleat del centre de lloguer.<\/p><p>3.6. Si es torna l\u2019autocaravana una vegada passat el temps acordat per escrit, l\u2019arrendador computar\u00e0 29,00\u20ac per hora de retr\u00e0s (no obstant, com a m\u00e0xim i per cada dia de retr\u00e0s, el preu ser\u00e0 corresponent el d\u2019una jornada). L\u2019arrendatari assumir\u00e0 les despeses derivades del fet que un altre arrendatari o persona faci valer els seus drets davant l\u2019arrendador, degut a un retr\u00e0s en l\u2019entrega del vehicle, imputable a l\u2019arrendatari.<\/p><p>3.7. En caso de tornar el vehicle abans que passi el per\u00edode de lloguer contactat, s\u2019haur\u00e0 de pagar igualment el preu \u00edntegre de lloguer acordat contractualment.<\/p><p>3.8.L\u2019autocaravana s\u2019entrega amb el dip\u00f2sit de combustible ple i aix\u00ed s\u2019ha de tornar. En cas contrari, l\u2019arrendador cobrar\u00e0 un 50% m\u00e9s per litre de combustible gasoil. L\u2019arrendatari es far\u00e0 c\u00e0rrec de les despeses de carburant i funcionament durant el per\u00edode de lloguer.<\/p><p>3.9. Per tornar el vehicle en un centre diferent de recollida, es requerir\u00e0 un acord especial amb l\u2019arrendador i el pagament de l\u2019import corresponent a aquest servei es pactar\u00e0 abans de la recollida de l\u2019autocaravana.<\/p><\/div>\n\t\t\t\t<\/div>\n\t\t\t\t\t\t\t<div class=\"elementor-toggle-item\">\n\t\t\t\t\t<div id=\"elementor-tab-title-2104\" class=\"elementor-tab-title\" data-tab=\"4\" role=\"button\" aria-controls=\"elementor-tab-content-2104\" aria-expanded=\"false\">\n\t\t\t\t\t\t\t\t\t\t\t\t<span class=\"elementor-toggle-icon elementor-toggle-icon-left\" aria-hidden=\"true\">\n\t\t\t\t\t\t\t\t\t\t\t\t\t\t\t<span class=\"elementor-toggle-icon-closed\"><svg class=\"e-font-icon-svg e-fas-caret-right\" viewBox=\"0 0 192 512\" xmlns=\"http:\/\/www.w3.org\/2000\/svg\"><path d=\"M0 384.662V127.338c0-17.818 21.543-26.741 34.142-14.142l128.662 128.662c7.81 7.81 7.81 20.474 0 28.284L34.142 398.804C21.543 411.404 0 402.48 0 384.662z\"><\/path><\/svg><\/span>\n\t\t\t\t\t\t\t\t<span class=\"elementor-toggle-icon-opened\"><svg class=\"elementor-toggle-icon-opened e-font-icon-svg e-fas-caret-up\" viewBox=\"0 0 320 512\" xmlns=\"http:\/\/www.w3.org\/2000\/svg\"><path d=\"M288.662 352H31.338c-17.818 0-26.741-21.543-14.142-34.142l128.662-128.662c7.81-7.81 20.474-7.81 28.284 0l128.662 128.662c12.6 12.599 3.676 34.142-14.142 34.142z\"><\/path><\/svg><\/span>\n\t\t\t\t\t\t\t\t\t\t\t\t\t<\/span>\n\t\t\t\t\t\t\t\t\t\t\t\t<a class=\"elementor-toggle-title\" tabindex=\"0\">4. Reserva<\/a>\n\t\t\t\t\t<\/div>\n\n\t\t\t\t\t<div id=\"elementor-tab-content-2104\" class=\"elementor-tab-content elementor-clearfix\" data-tab=\"4\" role=\"region\" aria-labelledby=\"elementor-tab-title-2104\"><p>4.1. Les reserves nom\u00e9s seran vinculants despr\u00e9s de la confirmaci\u00f3 de l\u2019arrendador, segons l\u2019apartat 4.2 i exclusivament per grups de vehicles, no per models de vehicles. Aix\u00f2 tamb\u00e9 ser\u00e0 v\u00e0lid quan en la descripci\u00f3 del grup de vehicles s\u2019indiqui a mode d\u2019exemple un model concret.<\/p><p>4.2. Una vegada que l\u2019arrendador hagi entregat la confirmaci\u00f3 per escrit de la reserva, s\u2019haur\u00e0 de pagar un dip\u00f2sit del 30% de l\u2019import del lloguer en el temps indicat en l\u2019oferta \u00a0vinculant, que ser\u00e0 en un per\u00edode m\u00e0xim de deu dies. A partir d\u2019aquest moment, la reserva ser\u00e0 vinculant per ambdues parts. En cas que l\u2019arrendatari no compleixi aquest termini, la reserva deixar\u00e0 de ser vinculant, aquest \u00faltim haur\u00e0 de pagar les seg\u00fcents taxes de cancel\u00b7laci\u00f3 calculades a partir de la primera reserva confirmada:<\/p><ul><li>Fins a 50 dies abans de l\u2019inici del lloguer, 15% del preu del lloguer<\/li><li>Entre 49 i 15 dies abans de l\u2019inici del lloguer, 50% del preu del lloguer<\/li><li>Menys de 15 dies abans de l\u2019inici del lloguer, 80% del preu del lloguer<\/li><li>El mateix dia del lloguer o en cas de no recollir el vehicle, 95% del preu del lloguer<\/li><\/ul><\/div>\n\t\t\t\t<\/div>\n\t\t\t\t\t\t\t<div class=\"elementor-toggle-item\">\n\t\t\t\t\t<div id=\"elementor-tab-title-2105\" class=\"elementor-tab-title\" data-tab=\"5\" role=\"button\" aria-controls=\"elementor-tab-content-2105\" aria-expanded=\"false\">\n\t\t\t\t\t\t\t\t\t\t\t\t<span class=\"elementor-toggle-icon elementor-toggle-icon-left\" aria-hidden=\"true\">\n\t\t\t\t\t\t\t\t\t\t\t\t\t\t\t<span class=\"elementor-toggle-icon-closed\"><svg class=\"e-font-icon-svg e-fas-caret-right\" viewBox=\"0 0 192 512\" xmlns=\"http:\/\/www.w3.org\/2000\/svg\"><path d=\"M0 384.662V127.338c0-17.818 21.543-26.741 34.142-14.142l128.662 128.662c7.81 7.81 7.81 20.474 0 28.284L34.142 398.804C21.543 411.404 0 402.48 0 384.662z\"><\/path><\/svg><\/span>\n\t\t\t\t\t\t\t\t<span class=\"elementor-toggle-icon-opened\"><svg class=\"elementor-toggle-icon-opened e-font-icon-svg e-fas-caret-up\" viewBox=\"0 0 320 512\" xmlns=\"http:\/\/www.w3.org\/2000\/svg\"><path d=\"M288.662 352H31.338c-17.818 0-26.741-21.543-14.142-34.142l128.662-128.662c7.81-7.81 20.474-7.81 28.284 0l128.662 128.662c12.6 12.599 3.676 34.142-14.142 34.142z\"><\/path><\/svg><\/span>\n\t\t\t\t\t\t\t\t\t\t\t\t\t<\/span>\n\t\t\t\t\t\t\t\t\t\t\t\t<a class=\"elementor-toggle-title\" tabindex=\"0\">5. Condicions de pagament, fian\u00e7a<\/a>\n\t\t\t\t\t<\/div>\n\n\t\t\t\t\t<div id=\"elementor-tab-content-2105\" class=\"elementor-tab-content elementor-clearfix\" data-tab=\"5\" role=\"region\" aria-labelledby=\"elementor-tab-title-2105\"><p>5.1. El preu de lloguer previst en funci\u00f3 de les dates de reserva s\u2019haur\u00e0 d\u2019ingressar en el compte que l\u2019arrendador facilitar\u00e0 a l\u2019arrendatari, a molt tardar fins a 14 dies abans de l\u2019inici del lloguer.<\/p><p>5.2. En el moment de la recollida del vehicle, l\u2019arrendatari haur\u00e0 d\u2019abonar la quantitat de 900\u20ac, mitjan\u00e7ant targeta de cr\u00e8dit, en concepte de fian\u00e7a i com a garantia del fidel compliment de les obligacions del contracte.<\/p><p>5.3. En cas de reserves a curt termini (menys de 14 dies abans de la data de lloguer), la fian\u00e7a i el preu de lloguer venceran d\u2019immediat.<\/p><p>5.4. La fian\u00e7a es tornar\u00e0 despr\u00e9s de ser examinat el vehicle per un responsable de l\u2019empresa arrendadora, en cas d\u2019algun desperfecte per mal \u00fas, dictaminar\u00e0 l\u2019import que el client haur\u00e0 d\u2019abonar. Aquest import ser\u00e0 dedu\u00eft de la fian\u00e7a dipositada, acceptant l\u2019arrendatari el pagament de la difer\u00e8ncia si el cost dels desperfectes supera el valor de la fian\u00e7a dipositada. En cas de no ser possible la valoraci\u00f3 dels danys de forma immediata, l\u2019arrendador disposar\u00e0 de 30 dies per efectuar la liquidaci\u00f3 i tornar la fian\u00e7a si procedeix o reclama la difer\u00e8ncia entre aquesta i el cost dels desperfectes. En cas de sinistre, tamb\u00e9 es deduir\u00e0 \u00a0per efectuar la liquidaci\u00f3 i tornar la fian\u00e7a si procedeix o reclama la difer\u00e8ncia entre aquesta i el cost dels desperfectes. En cas de sinistre, tamb\u00e9 es deduir\u00e0 de la fian\u00e7a l\u2019import de la franqu\u00edcia de l\u2019asseguran\u00e7a a tot risc. En cas que s\u2019hagi d\u2019abonar a l\u2019arrendatari una compensaci\u00f3 del preu del lloguer pagat per avan\u00e7at, aquest import es tornar\u00e0 juntament amb la fian\u00e7a.<\/p><p>5.5. L\u2019arrendatari es compromet expressament a pagar a l\u2019arrendador<\/p><p>En el moment de la devoluci\u00f3 del vehicle, l\u2019import de quilometratge per lloguers de tres dies, calculat segons la tarifa en vigor, i\/o els c\u00e0rrecs addicionals sorgits de l\u2019aplicaci\u00f3 d\u2019aquestes Condicions Generals de lloguer.<\/p><p>Els c\u00e0rrecs addicionals que s\u2019originen si el vehicle es deixat en algun altre lloc o ciutat, sense autoritzaci\u00f3 de l\u2019arrendador.<\/p><p>L\u2019import de tota classe de multes, despeses judicials i extrajudicials derivats de qualsevol infracci\u00f3 de tr\u00e0nsit o de qualsevol altra classe, que siguin dirigides contra el vehicle, l\u2019arrendatari o arrendador, derivats del temps de vig\u00e8ncia d\u2019aquest contracte de lloguer, si \u00e9s que no s\u2019han originat per culpa de l\u2019arrendador.<\/p><p>En el suposat que per culpa de l\u2019arrendatari el vehicle fos retingut o embargat, totes les despeses seran a c\u00e0rrec seu, incl\u00f2s el lucre cessant de l\u2019empresa arrendadora durant el temps que dura la immobilitzaci\u00f3 del vehicle.<\/p><p>Despeses incorregudes per l\u2019arrendador (inclosos horari d\u2019advocats i procuradors) en la reclamaci\u00f3 de les quantitats degudes per l\u2019arrendatari en virtut del present contracte.<\/p><p>El vehicle disposa d\u2019una asseguran\u00e7a a tot risc amb franqu\u00edcia (no inclou els efectes personals de l\u2019arrendatari i acompanyants).<\/p><p>En cas d\u2019accident o robatori, l\u2019arrendatari es far\u00e0 c\u00e0rrec de l\u2019import de 900\u20ac por sinistre.<\/p><p>5.6. Si l\u2019arrendatari es demora en el pagaments, s\u2019aplicaran interessos per demora de conformitat amb les disposicions vigents.<\/p><\/div>\n\t\t\t\t<\/div>\n\t\t\t\t\t\t\t<div class=\"elementor-toggle-item\">\n\t\t\t\t\t<div id=\"elementor-tab-title-2106\" class=\"elementor-tab-title\" data-tab=\"6\" role=\"button\" aria-controls=\"elementor-tab-content-2106\" aria-expanded=\"false\">\n\t\t\t\t\t\t\t\t\t\t\t\t<span class=\"elementor-toggle-icon elementor-toggle-icon-left\" aria-hidden=\"true\">\n\t\t\t\t\t\t\t\t\t\t\t\t\t\t\t<span class=\"elementor-toggle-icon-closed\"><svg class=\"e-font-icon-svg e-fas-caret-right\" viewBox=\"0 0 192 512\" xmlns=\"http:\/\/www.w3.org\/2000\/svg\"><path d=\"M0 384.662V127.338c0-17.818 21.543-26.741 34.142-14.142l128.662 128.662c7.81 7.81 7.81 20.474 0 28.284L34.142 398.804C21.543 411.404 0 402.48 0 384.662z\"><\/path><\/svg><\/span>\n\t\t\t\t\t\t\t\t<span class=\"elementor-toggle-icon-opened\"><svg class=\"elementor-toggle-icon-opened e-font-icon-svg e-fas-caret-up\" viewBox=\"0 0 320 512\" xmlns=\"http:\/\/www.w3.org\/2000\/svg\"><path d=\"M288.662 352H31.338c-17.818 0-26.741-21.543-14.142-34.142l128.662-128.662c7.81-7.81 20.474-7.81 28.284 0l128.662 128.662c12.6 12.599 3.676 34.142-14.142 34.142z\"><\/path><\/svg><\/span>\n\t\t\t\t\t\t\t\t\t\t\t\t\t<\/span>\n\t\t\t\t\t\t\t\t\t\t\t\t<a class=\"elementor-toggle-title\" tabindex=\"0\">6. Entrega i devoluci\u00f3 del vehicle<\/a>\n\t\t\t\t\t<\/div>\n\n\t\t\t\t\t<div id=\"elementor-tab-content-2106\" class=\"elementor-tab-content elementor-clearfix\" data-tab=\"6\" role=\"region\" aria-labelledby=\"elementor-tab-title-2106\"><p>6.1. Abans d&#8217;iniciar el viatge, l&#8217;arrendatari est\u00e0 obligat a seguir les instruccions que li doni el personal t\u00e8cnic de l&#8217;arrendador en el punt de lliurament (Check Out), en el qual es descriur\u00e0 l&#8217;estat del vehicle i que han de signar totes dues parts. L&#8217;arrendador es podr\u00e0 negar a lliurar el vehicle fins que no s&#8217;hagi realitzat la inspecci\u00f3 del vehicle.<\/p><p>6.2. En retornar el vehicle, l&#8217;arrendatari est\u00e0 obligat a realitzar una revisi\u00f3 final de l&#8217;autocaravana juntament amb els empleats del centre de lloguer. S&#8217;elaborar\u00e0 una acta de devoluci\u00f3 (Check In), que hauran de signar l&#8217;arrendador i l&#8217;arrendatari. L&#8217;ARRENDADOR DISPOSA DE 48 HORES PER A DETECTAR DESPERFECTES NO VISIBLES EN LA RECEPCI\u00d3 DEL VEHICLE, (abans de retornar la franqu\u00edcia), haven-t\u2019ho de comunicar a l&#8217;arrendatari en aquest termini. Els desperfectes que no constin en l&#8217;acta de lliurament, per\u00f2 que es detectin i\/o en el control posterior en el taller, seran a c\u00e0rrec de l&#8217;arrendatari. La no signatura de l&#8217;acta de devoluci\u00f3 (Check In) no eximir\u00e0 de responsabilitat a l&#8217;arrendatari.<\/p><p>6.3. Per norma general els lliuraments dels vehicles s&#8217;efectuaran de dilluns a divendres, de 16 a 19 hores; les devolucions de dilluns a divendres de 10 a 12 del mat\u00ed. Els horaris que apareguin en el contracte de lloguer es consideraran els acordats. Els dissabtes nom\u00e9s es podran realitzar lliuraments i devolucions si s&#8217;ha aconseguit un acord previ i a canvi d&#8217;una remuneraci\u00f3 addicional segons tarifa en vigor. El dia del lliurament i devoluci\u00f3 sumaran junts un dia, sempre que en el total no se superin les 24 hores o nom\u00e9s si les superen per causes imputables a l&#8217;arrendador.<\/p><p>6.4. Els retards en la devoluci\u00f3, no autoritzats, seran penalitzats amb una tarifa di\u00e0ria del triple a la quantitat aplicada en el contracte. Qualsevol causa justificada de for\u00e7a major que impedeixi la devoluci\u00f3 en el dia acordat, haur\u00e0 de ser comunicada immediatament a l&#8217;arrendador perqu\u00e8 aquest l&#8217;accepti; en cas contrari es considerar\u00e0 retard no autoritzat.<\/p><p>6.5. Si l&#8217;arrendatari desitja prolongar l&#8217;arrendament, haur\u00e0 de sol\u00b7licitar-lo a l&#8217;arrendador amb un m\u00ednim de tres dies d&#8217;antelaci\u00f3 a la finalitzaci\u00f3 del contracte. L&#8217;eventual confirmaci\u00f3 de la pr\u00f2rroga estar\u00e0 subjecta a les disponibilitats que en aquest moment tingui l&#8217;arrendador, no assumint per tant aquest \u00faltim cap comprom\u00eds previ.<\/p><p>6.6. Qualsevol alteraci\u00f3 de les dates de lloguer, haur\u00e0 de ser pr\u00e8viament autoritzada per l&#8217;arrendador. L&#8217;incompliment d&#8217;aquesta condici\u00f3 faculta a l&#8217;arrendador per a fer-se c\u00e0rrec del vehicle o requerir-lo judicialment. L&#8217;arrendador es reserva el dret d&#8217;obtenir la devoluci\u00f3 del vehicle, en qualsevol moment durant la vig\u00e8ncia del contracte actual, si la seva utilitzaci\u00f3 contravingu\u00e9s el que es disposa en aquest.<\/p><p>6.7. En la devoluci\u00f3 del vehicle per finalitzaci\u00f3 de lloguer, en la qual l&#8217;arrendatari no sigui present en la inspecci\u00f3 del mateix per causes imputables a ell, lliurament per b\u00fastia o no disponibilitat, i s&#8217;apreci\u00efn danys en el vehicle, l&#8217;arrendatari accepta la valoraci\u00f3 dels danys resultants de la inspecci\u00f3 realitzada pel personal de l&#8217;arrendador.<\/p><p>6.8. El vehicle es retornar\u00e0 net interiorment i amb els dip\u00f2sits d&#8217;aig\u00fces residuals i del WC buits i nets. En cas contrari es cobrar\u00e0 un suplement, d&#8217;acord amb les tarifes establertes per aix\u00f2, en concepte de neteja.<\/p><p>6.9. El fet d&#8217;omplir el dip\u00f2sit d&#8217;aigua potable amb di\u00e8sel o un altre combustible, o el dip\u00f2sit de di\u00e8sel amb aigua o un altre combustible, implicar\u00e0 una penalitzaci\u00f3 de 900\u20ac.<\/p><\/div>\n\t\t\t\t<\/div>\n\t\t\t\t\t\t\t<div class=\"elementor-toggle-item\">\n\t\t\t\t\t<div id=\"elementor-tab-title-2107\" class=\"elementor-tab-title\" data-tab=\"7\" role=\"button\" aria-controls=\"elementor-tab-content-2107\" aria-expanded=\"false\">\n\t\t\t\t\t\t\t\t\t\t\t\t<span class=\"elementor-toggle-icon elementor-toggle-icon-left\" aria-hidden=\"true\">\n\t\t\t\t\t\t\t\t\t\t\t\t\t\t\t<span class=\"elementor-toggle-icon-closed\"><svg class=\"e-font-icon-svg e-fas-caret-right\" viewBox=\"0 0 192 512\" xmlns=\"http:\/\/www.w3.org\/2000\/svg\"><path d=\"M0 384.662V127.338c0-17.818 21.543-26.741 34.142-14.142l128.662 128.662c7.81 7.81 7.81 20.474 0 28.284L34.142 398.804C21.543 411.404 0 402.48 0 384.662z\"><\/path><\/svg><\/span>\n\t\t\t\t\t\t\t\t<span class=\"elementor-toggle-icon-opened\"><svg class=\"elementor-toggle-icon-opened e-font-icon-svg e-fas-caret-up\" viewBox=\"0 0 320 512\" xmlns=\"http:\/\/www.w3.org\/2000\/svg\"><path d=\"M288.662 352H31.338c-17.818 0-26.741-21.543-14.142-34.142l128.662-128.662c7.81-7.81 20.474-7.81 28.284 0l128.662 128.662c12.6 12.599 3.676 34.142-14.142 34.142z\"><\/path><\/svg><\/span>\n\t\t\t\t\t\t\t\t\t\t\t\t\t<\/span>\n\t\t\t\t\t\t\t\t\t\t\t\t<a class=\"elementor-toggle-title\" tabindex=\"0\">7. Usos prohibits, obligacions de manteniment i protecci\u00f3<\/a>\n\t\t\t\t\t<\/div>\n\n\t\t\t\t\t<div id=\"elementor-tab-content-2107\" class=\"elementor-tab-content elementor-clearfix\" data-tab=\"7\" role=\"region\" aria-labelledby=\"elementor-tab-title-2107\"><p>7.1. L&#8217;arrendatari reconeix que rep el vehicle en perfectes condicions mec\u00e0niques, prove\u00eft de la documentaci\u00f3 necess\u00e0ria i amb les eines, pneum\u00e0tics i accessoris adequats i es compromet a conservar-lo en bon estat. Aix\u00ed mateix es compromet a respectar en tot moment les obligacions i limitacions descrites en el vigent Codi de Circulaci\u00f3 i s&#8217;obliga a:<\/p><p>7.1.1. No permetre que el condueixin altres persones m\u00e9s que el mateix o les que estiguin autoritzades.<\/p><p>7.1.2. No portar m\u00e9s passatgers que els especificats en la documentaci\u00f3 del vehicle.<\/p><p>7.1.3. No rellogar o transportar persones amb finalitats comercials i qualsevol altre \u00fas que no estigui incl\u00f2s en el contracte.<\/p><p>7.1.4. No transportar qualsevol tipus de mercaderia, drogues, productes t\u00f2xics o inflamables.<\/p><p>7.1.5. No cedir el seu \u00fas a tercers a t\u00edtol gratu\u00eft o lucratiu i no auxiliar a delinq\u00fcents.<\/p><p>7.1.6. No cometre delictes, encara que aquests nom\u00e9s siguin castigats segons la legislaci\u00f3 vigent en el lloc dels fets.<\/p><p>7.1.7. No conduir el vehicle en inferioritat de condicions f\u00edsiques motivades per alcohol, drogues, fatiga o malaltia.<\/p><p>7.1.8. No transitar fora de la xarxa vi\u00e0ria o en qualsevol terreny no adequat, ni participar amb el vehicle en proves esportives, de resist\u00e8ncia, carreres o altres que puguin danyar-lo.<\/p><p>7.1.9. No utilitzar-ho per a emp\u00e8nyer o remolcar altres vehicles o remolcs.<\/p><p>7.1.10. No desprecintar o manipular el comptaquil\u00f2metres, havent de comunicar immediatament a l&#8217;arrendador qualsevol avaria d&#8217;aquest.<\/p><p>7.1.11. L&#8217;arrendador nom\u00e9s est\u00e0 autoritzat a circular amb el vehicle arrendat als seg\u00fcents pa\u00efsos:<\/p><p>Alemanya, Andorra, \u00c0ustria, B\u00e8lgica, Bulg\u00e0ria, Rep\u00fablica Txeca, Xipre, Cro\u00e0cia, Dinamarca, Rep\u00fablica Eslovaca, Eslov\u00e8nia, Espanya, Est\u00f2nia, Finl\u00e0ndia, Fran\u00e7a, Gran Bretanya, Gr\u00e8cia, Holanda, Hongria, Irlanda, Isl\u00e0ndia, It\u00e0lia, Let\u00f2nia, Litu\u00e0nia, Luxemburg, Malta, Noruega, Pol\u00f2nia, Portugal, Romania, Su\u00e8cia, Su\u00efssa, Alb\u00e0nia, Bielor\u00fassia, B\u00f2snia i Hercegovina, Maced\u00f2nia, Mold\u00e0via, S\u00e8rbia, Tunes, Turquia i Ucra\u00efna.<\/p><p>Per a viatjar al Marroc \u00e9s imprescindible l&#8217;autoritzaci\u00f3 expressa de l&#8217;Estaci\u00f3 de lloguer.<\/p><p>7.1.12. Queda expressament prohibit viatjar a qualsevol pa\u00eds que es trobi en guerra o conflictes b\u00e8l\u00b7lics.<\/p><p>7.1.13. Tenir el vehicle adequadament estacionat i custodiat quan no l&#8217;utilitzi i protegir-lo de la deterioraci\u00f3 de les gelades, pedra o qualsevol altre fenomen atmosf\u00e8ric susceptible de produir-li danys d&#8217;import\u00e0ncia.<\/p><p>7.1.14. Queda expressament prohibit a l&#8217;arrendatari variar qualsevol caracter\u00edstica t\u00e8cnica del vehicle, les claus, panys, equipament, eines i\/o accessoris del vehicle, aix\u00ed com efectuar qualsevol modificaci\u00f3 del seu aspecte exterior i\/o interior, excepte expressa autoritzaci\u00f3 escrita per part de l&#8217;arrendador. En cas d&#8217;infracci\u00f3 d&#8217;aquest article, l&#8217;arrendatari correr\u00e0 amb totes les despeses del recondicionament del vehicle al seu estat original, havent d&#8217;abonar aix\u00ed mateix una indemnitzaci\u00f3 per la immobilitzaci\u00f3 del vehicle fins a la seva total reparaci\u00f3.<\/p><p>7.2. El vehicle s&#8217;ha de cuidar i tractar adequadament, aix\u00ed com tancar degudament. S&#8217;hauran de tenir en compte les normes t\u00e8cniques, aix\u00ed com les disposicions determinants per l&#8217;\u00fas. S&#8217;haur\u00e0 de controlar l&#8217;estat del vehicle, sobretot el nivell d&#8217;aigua i oli, aix\u00ed com la pressi\u00f3 dels pneum\u00e0tics. L&#8217;arrendatari es compromet a comprovar regularment si l&#8217;autocaravana de lloguer est\u00e0 en perfectes condicions per a circular amb seguretat.<\/p><p>7.3.Est\u00e0 prohibit fumar en tots els vehicles. Est\u00e0 prohibit portar animals de companyia. Les despeses de neteja, derivades de qualsevol incompliment, seran a c\u00e0rrec de l&#8217;arrendatari. Aix\u00ed mateix, aquest \u00faltim haur\u00e0 d&#8217;assumir les despeses de la ventilaci\u00f3 o eliminaci\u00f3 d&#8217;olor de tabac, incloent-hi les p\u00e8rdues generades per la impossibilitat de llogar el vehicle durant algun temps degut a aquest motiu.<\/p><p>7.4. En cas de comprovar que s&#8217;han infringit les disposicions dels anteriors apartats. 7.1., 7.2. i 7.3., l&#8217;arrendador podr\u00e0 rescindir immediatament el contracte de lloguer.<\/p><\/div>\n\t\t\t\t<\/div>\n\t\t\t\t\t\t\t<div class=\"elementor-toggle-item\">\n\t\t\t\t\t<div id=\"elementor-tab-title-2108\" class=\"elementor-tab-title\" data-tab=\"8\" role=\"button\" aria-controls=\"elementor-tab-content-2108\" aria-expanded=\"false\">\n\t\t\t\t\t\t\t\t\t\t\t\t<span class=\"elementor-toggle-icon elementor-toggle-icon-left\" aria-hidden=\"true\">\n\t\t\t\t\t\t\t\t\t\t\t\t\t\t\t<span class=\"elementor-toggle-icon-closed\"><svg class=\"e-font-icon-svg e-fas-caret-right\" viewBox=\"0 0 192 512\" xmlns=\"http:\/\/www.w3.org\/2000\/svg\"><path d=\"M0 384.662V127.338c0-17.818 21.543-26.741 34.142-14.142l128.662 128.662c7.81 7.81 7.81 20.474 0 28.284L34.142 398.804C21.543 411.404 0 402.48 0 384.662z\"><\/path><\/svg><\/span>\n\t\t\t\t\t\t\t\t<span class=\"elementor-toggle-icon-opened\"><svg class=\"elementor-toggle-icon-opened e-font-icon-svg e-fas-caret-up\" viewBox=\"0 0 320 512\" xmlns=\"http:\/\/www.w3.org\/2000\/svg\"><path d=\"M288.662 352H31.338c-17.818 0-26.741-21.543-14.142-34.142l128.662-128.662c7.81-7.81 20.474-7.81 28.284 0l128.662 128.662c12.6 12.599 3.676 34.142-14.142 34.142z\"><\/path><\/svg><\/span>\n\t\t\t\t\t\t\t\t\t\t\t\t\t<\/span>\n\t\t\t\t\t\t\t\t\t\t\t\t<a class=\"elementor-toggle-title\" tabindex=\"0\">8. Comportament a seguir en cas d'accident<\/a>\n\t\t\t\t\t<\/div>\n\n\t\t\t\t\t<div id=\"elementor-tab-content-2108\" class=\"elementor-tab-content elementor-clearfix\" data-tab=\"8\" role=\"region\" aria-labelledby=\"elementor-tab-title-2108\"><p>8.1. En cas d&#8217;accident, robatori, incendi o danys causats per animals de ca\u00e7a, l&#8217;arrendatari ha d&#8217;informar immediatament la policia i l&#8217;arrendador trucant al n\u00famero de tel\u00e8fon del centre de lloguer (el tel\u00e8fon consta en el contracte de lloguer), com a molt tard el dia laboral seg\u00fcent al dia de l\u2019accident. No s&#8217;admetran pretensions contr\u00e0ries.<\/p><p>8.2. Mai no es reconeixer\u00e0 o prejutjar\u00e0 la responsabilitat del fet, llevat de la \u201cDeclaraci\u00f3 Amistosa d&#8217;Accidents\u201d. L&#8217;arrendatari ha d&#8217;obtenir totes les dades de la part contr\u00e0ria i dels testimonis, que juntament amb els detalls de l&#8217;accident ha de remetre en el termini indicat a l&#8217;arrendador. Notificar immediatament a les autoritats l&#8217;accident si hi ha culpabilitat de la part contr\u00e0ria. El comunicat d&#8217;accidents s&#8217;haur\u00e0 de lliurar degudament emplenat i signat com a molt tard en el moment de tornar el vehicle a l&#8217;arrendador. El document haur\u00e0 d&#8217;incloure el nom i l&#8217;adre\u00e7a de les persones implicades, les dades del carnet de conduir, les dades del contrari amb el nom de la Companyia Asseguradora i el n\u00famero de p\u00f2lissa, les dades dels eventuals testimonis, aix\u00ed com les matr\u00edcules dels vehicles afectats.<\/p><p>8.3. En cas de robatori o furt del vehicle, es denunciar\u00e0 a l&#8217;autoritat competent immediatament, comunicant-ho i trametent c\u00f2pia de la den\u00fancia a l&#8217;arrendador, juntament amb les claus del vehicle, en un termini m\u00e0xim de 24 hores; quedant sense efecte en cas contrari les assegurances i cobertures contractades.<\/p><p>8.4. Fins i tot en danys sense contrari, independentment de la gravetat, l&#8217;arrendatari ha de redactar per a l&#8217;arrendador un ampli informe per escrit juntament amb un esb\u00f3s. Si l&#8217;arrendatari no elabora l&#8217;informe -no importa quina sigui la ra\u00f3- i impedeix que la companyia d&#8217;assegurances pagui els danys, l&#8217;arrendatari estar\u00e0 obligat a abonar l&#8217;import corresponent en la seva totalitat.<\/p><p>8.5. No abandoneu el vehicle sense prendre les adequades mesures per protegir-lo i salvaguardar-lo. Contactar si \u00e9s necessari amb la Companyia d&#8217;Assist\u00e8ncia a Carretera contractada amb l&#8217;Asseguradora.<\/p><p>8.6. En cas d&#8217;incompliment per l&#8217;arrendatari d&#8217;alguna d&#8217;aquestes mesures, si s\u00f3n aplicables, l&#8217;arrendador podr\u00e0 reclamar a l&#8217;arrendatari danys i perjudicis ocasionats per neglig\u00e8ncia, incl\u00f2s el lucre cessant de l&#8217;empresa arrendadora durant el temps que duri la immobilitzaci\u00f3 del vehicle.<\/p><\/div>\n\t\t\t\t<\/div>\n\t\t\t\t\t\t\t<div class=\"elementor-toggle-item\">\n\t\t\t\t\t<div id=\"elementor-tab-title-2109\" class=\"elementor-tab-title\" data-tab=\"9\" role=\"button\" aria-controls=\"elementor-tab-content-2109\" aria-expanded=\"false\">\n\t\t\t\t\t\t\t\t\t\t\t\t<span class=\"elementor-toggle-icon elementor-toggle-icon-left\" aria-hidden=\"true\">\n\t\t\t\t\t\t\t\t\t\t\t\t\t\t\t<span class=\"elementor-toggle-icon-closed\"><svg class=\"e-font-icon-svg e-fas-caret-right\" viewBox=\"0 0 192 512\" xmlns=\"http:\/\/www.w3.org\/2000\/svg\"><path d=\"M0 384.662V127.338c0-17.818 21.543-26.741 34.142-14.142l128.662 128.662c7.81 7.81 7.81 20.474 0 28.284L34.142 398.804C21.543 411.404 0 402.48 0 384.662z\"><\/path><\/svg><\/span>\n\t\t\t\t\t\t\t\t<span class=\"elementor-toggle-icon-opened\"><svg class=\"elementor-toggle-icon-opened e-font-icon-svg e-fas-caret-up\" viewBox=\"0 0 320 512\" xmlns=\"http:\/\/www.w3.org\/2000\/svg\"><path d=\"M288.662 352H31.338c-17.818 0-26.741-21.543-14.142-34.142l128.662-128.662c7.81-7.81 20.474-7.81 28.284 0l128.662 128.662c12.6 12.599 3.676 34.142-14.142 34.142z\"><\/path><\/svg><\/span>\n\t\t\t\t\t\t\t\t\t\t\t\t\t<\/span>\n\t\t\t\t\t\t\t\t\t\t\t\t<a class=\"elementor-toggle-title\" tabindex=\"0\">9. Defectes de l'autocaravana<\/a>\n\t\t\t\t\t<\/div>\n\n\t\t\t\t\t<div id=\"elementor-tab-content-2109\" class=\"elementor-tab-content elementor-clearfix\" data-tab=\"9\" role=\"region\" aria-labelledby=\"elementor-tab-title-2109\"><p>9.1. Queden exclosos els drets a indemnitzaci\u00f3 per danys i perjudicis de l&#8217;arrendatari per defectes no imputables a l&#8217;arrendador.<\/p><p>9.2. Al tornar el vehicle, l&#8217;arrendatari haur\u00e0 d&#8217;indicar per escrit a l&#8217;arrendador els defectes en l&#8217;autocaravana o el seu equipament una vegada iniciat el per\u00edode de lloguer.<\/p><p>Queden exclosos els drets d&#8217;indemnitzaci\u00f3 per danys i prejudicis en cas de defectes indicats amb posterioritat, si no \u00e9s el cas que aquesta pretensi\u00f3 est\u00e0 motivada per un dany evident.<\/p><\/div>\n\t\t\t\t<\/div>\n\t\t\t\t\t\t\t<div class=\"elementor-toggle-item\">\n\t\t\t\t\t<div id=\"elementor-tab-title-21010\" class=\"elementor-tab-title\" data-tab=\"10\" role=\"button\" aria-controls=\"elementor-tab-content-21010\" aria-expanded=\"false\">\n\t\t\t\t\t\t\t\t\t\t\t\t<span class=\"elementor-toggle-icon elementor-toggle-icon-left\" aria-hidden=\"true\">\n\t\t\t\t\t\t\t\t\t\t\t\t\t\t\t<span class=\"elementor-toggle-icon-closed\"><svg class=\"e-font-icon-svg e-fas-caret-right\" viewBox=\"0 0 192 512\" xmlns=\"http:\/\/www.w3.org\/2000\/svg\"><path d=\"M0 384.662V127.338c0-17.818 21.543-26.741 34.142-14.142l128.662 128.662c7.81 7.81 7.81 20.474 0 28.284L34.142 398.804C21.543 411.404 0 402.48 0 384.662z\"><\/path><\/svg><\/span>\n\t\t\t\t\t\t\t\t<span class=\"elementor-toggle-icon-opened\"><svg class=\"elementor-toggle-icon-opened e-font-icon-svg e-fas-caret-up\" viewBox=\"0 0 320 512\" xmlns=\"http:\/\/www.w3.org\/2000\/svg\"><path d=\"M288.662 352H31.338c-17.818 0-26.741-21.543-14.142-34.142l128.662-128.662c7.81-7.81 20.474-7.81 28.284 0l128.662 128.662c12.6 12.599 3.676 34.142-14.142 34.142z\"><\/path><\/svg><\/span>\n\t\t\t\t\t\t\t\t\t\t\t\t\t<\/span>\n\t\t\t\t\t\t\t\t\t\t\t\t<a class=\"elementor-toggle-title\" tabindex=\"0\">10. Reparacions, vehicle de recanvi<\/a>\n\t\t\t\t\t<\/div>\n\n\t\t\t\t\t<div id=\"elementor-tab-content-21010\" class=\"elementor-tab-content elementor-clearfix\" data-tab=\"10\" role=\"region\" aria-labelledby=\"elementor-tab-title-21010\"><p>10.1. L&#8217;arrendador assumeix el desgast mec\u00e0nic normal del vehicle. Quan la durada del recorregut o estat de les carreteres ho aconsellin, es realitzaran les operacions de manteniment necess\u00e0ries en un servei oficial de la marca xass\u00eds-motor.<\/p><p>10.2. Aturar el vehicle com m\u00e9s aviat millor quan s&#8217;il\u00b7lumini qualsevol testimoni que indiqui anomalia en el funcionament del vehicle, havent de contactar amb l&#8217;arrendador o amb la Companyia d&#8217;Assist\u00e8ncia concertada per l&#8217;arrendador i nom\u00e9s amb aquesta, adre\u00e7ant-se exclusivament a un servei oficial de la marca xass\u00eds-motor, excepte autoritzaci\u00f3 expressa de l&#8217;arrendador.<\/p><p>10.3. L&#8217;arrendatari podr\u00e0 encarregar les reparacions que siguin necess\u00e0ries per garantir la seguretat durant el funcionament i la circulaci\u00f3 del vehicle en el per\u00edode de lloguer i que no superin els 150\u20ac. Nom\u00e9s caldr\u00e0 comptar amb l&#8217;aprovaci\u00f3 de l&#8217;arrendador. Aquest darrer assumir\u00e0 les despeses de la reparaci\u00f3 si se li lliuren els justificants originals i de les peces canviades, sempre que l&#8217;arrendatari no respongui del dany segons l&#8217;apt. 11. Queden exclosos d\u2019aquesta norma els danys que afecten els pneum\u00e0tics.<\/p><p>10.4. En cas que una reparaci\u00f3 d&#8217;aquestes caracter\u00edstiques sigui necess\u00e0ria per un dany imputable a l&#8217;arrendador i l&#8217;arrendatari no s&#8217;encarregui de solucionar-lo, aquest \u00faltim haur\u00e0 d&#8217;indicar sense demora a l&#8217;arrendador el desperfecte en q\u00fcesti\u00f3 i concedir un termini raonable per a la reparaci\u00f3. L&#8217;arrendador no es responsabilitzar\u00e0 de les condicions especifiques de cada pa\u00eds (p. ex. infraestructura), que comportin una demora a l&#8217;hora de fer la reparaci\u00f3.<\/p><p>10.5. En el cas de qualsevol avaria dels elements de l&#8217;habitacle, l&#8217;arrendatari ho ha de comunicar immediatament a l&#8217;arrendador de qui rebr\u00e0 les instruccions oportunes per a la reparaci\u00f3.<\/p><p>10.6. En cas que sense cap culpa per part de l&#8217;arrendatari, l&#8217;autocaravana pateixi greus danys o es prevegi que el vehicle no es podr\u00e0 utilitzar durant un llarg per\u00edode de temps o s&#8217;hagi de retirar de la circulaci\u00f3, l&#8217;arrendador, si tingu\u00e9s disponibilitat per posar a disposici\u00f3 de l&#8217;arrendatari en un termini raonable, un vehicle de recanvi equivalent al nombre de places o superior, quedaria exclosa una rescissi\u00f3 de contracte.<\/p><p>10.7. En cas que l&#8217;arrendatari sigui culpable, que l&#8217;autocaravana pateixi greus danys o es prevegi que el vehicle no es podr\u00e0 utilitzar durant un llarg per\u00edode de temps o s&#8217;hagi de retirar de la circulaci\u00f3, l&#8217;arrendador es pot negar a oferir un vehicle de recanvi. En aquest cas, queda exclosa una rescissi\u00f3 del contracte per part de l&#8217;arrendatari. Si l&#8217;arrendador t\u00e9 disponibilitat per posar a disposici\u00f3 de l&#8217;arrendatari un vehicle de recanvi, podr\u00e0 cobrar a l&#8217;arrendatari les eventuals despeses que se&#8217;n derivin.<\/p><\/div>\n\t\t\t\t<\/div>\n\t\t\t\t\t\t\t<div class=\"elementor-toggle-item\">\n\t\t\t\t\t<div id=\"elementor-tab-title-21011\" class=\"elementor-tab-title\" data-tab=\"11\" role=\"button\" aria-controls=\"elementor-tab-content-21011\" aria-expanded=\"false\">\n\t\t\t\t\t\t\t\t\t\t\t\t<span class=\"elementor-toggle-icon elementor-toggle-icon-left\" aria-hidden=\"true\">\n\t\t\t\t\t\t\t\t\t\t\t\t\t\t\t<span class=\"elementor-toggle-icon-closed\"><svg class=\"e-font-icon-svg e-fas-caret-right\" viewBox=\"0 0 192 512\" xmlns=\"http:\/\/www.w3.org\/2000\/svg\"><path d=\"M0 384.662V127.338c0-17.818 21.543-26.741 34.142-14.142l128.662 128.662c7.81 7.81 7.81 20.474 0 28.284L34.142 398.804C21.543 411.404 0 402.48 0 384.662z\"><\/path><\/svg><\/span>\n\t\t\t\t\t\t\t\t<span class=\"elementor-toggle-icon-opened\"><svg class=\"elementor-toggle-icon-opened e-font-icon-svg e-fas-caret-up\" viewBox=\"0 0 320 512\" xmlns=\"http:\/\/www.w3.org\/2000\/svg\"><path d=\"M288.662 352H31.338c-17.818 0-26.741-21.543-14.142-34.142l128.662-128.662c7.81-7.81 20.474-7.81 28.284 0l128.662 128.662c12.6 12.599 3.676 34.142-14.142 34.142z\"><\/path><\/svg><\/span>\n\t\t\t\t\t\t\t\t\t\t\t\t\t<\/span>\n\t\t\t\t\t\t\t\t\t\t\t\t<a class=\"elementor-toggle-title\" tabindex=\"0\">11. Responsabilitat de l'arrendatari, asseguran\u00e7a a tot risc<\/a>\n\t\t\t\t\t<\/div>\n\n\t\t\t\t\t<div id=\"elementor-tab-content-21011\" class=\"elementor-tab-content elementor-clearfix\" data-tab=\"11\" role=\"region\" aria-labelledby=\"elementor-tab-title-21011\"><p>11.1. Segons els principis de l&#8217;asseguran\u00e7a a tot risc, en cas de danys integrals, l&#8217;arrendador examinar\u00e0 l&#8217;arrendatari de la responsabilitat dels danys materials, amb una franqu\u00edcia de 900,00\u20ac, que haur\u00e0 d&#8217;assumir l&#8217;arrendatari.<\/p><p>11.2. L&#8217;arrendatari, en cap concepte, queda eximit de les seves responsabilitats, civils, administratives, penals o de qualsevol \u00edndole que siguin conseq\u00fc\u00e8ncia d&#8217;un sinistre o un comportament dol\u00f3s.<\/p><p>11.3. L&#8217;eximent de la responsabilitat indicada a l&#8217;apt. 11.1, no tindr\u00e0 efecte si l&#8217;arrendatari omet alguna de les normes indicades a tots els punts de l&#8217;apartat 8.<\/p><p>11.4. L&#8217;exempci\u00f3 de responsabilitat de l&#8217;apt.11.1 no \u00e9s procedent en cas que l&#8217;arrendatari hagi causat un dany de manera premeditada o negligent.<\/p><p>11.5. Aix\u00ed mateix, l&#8217;arrendatari haur\u00e0 de respondre en cas de comportament dol\u00f3s en els casos seg\u00fcents:<\/p><p>11.5.1. Si l&#8217;arrendatari no respecta les normes i el codi de circulaci\u00f3 vigent, del pa\u00eds on estigui circulant.<\/p><p>11.5.2. Si els danys es deuen a una conducci\u00f3 temer\u00e0ria pels efectes de les drogues o l\u2019alcohol.<\/p><p>11.5.3. Si l&#8217;arrendatari o el conductor, a qui l&#8217;arrendatari ha deixat el vehicle, fuig en cas d&#8217;accident.<\/p><p>11.5.4. Si l&#8217;arrendatari, en contra de l&#8217;obligaci\u00f3 establerta a l&#8217;apt. 8, no avisa la policia en cas d\u2019accident, excepte en el cas que aquesta infracci\u00f3 no hagi influ\u00eft en la comprovaci\u00f3 dels motius del dany ni l\u2019abast d\u2019aquest \u00faltim.<\/p><p>11.5.5. Si l&#8217;arrendatari infringeix altres obligacions de l&#8217;apt. 8, excepte en el cas que aquesta infracci\u00f3 no hagi influ\u00eft en la comprovaci\u00f3 dels motius del dany ni en l\u2019abast d\u2019aquest \u00faltim.<\/p><p>11.5.6. Si els danys es deuen a un \u00fas prohibit a l&#8217;apt. 7.1<\/p><p>11.5.7. Si els danys es deuen a una infracci\u00f3 de l&#8217;obligaci\u00f3 establerta a l&#8217;apt. 7.2<\/p><p>11.5.8. Si els danys els ha causat un conductor no autoritzat, qui l&#8217;arrendatari hagi deixat el vehicle.<\/p><p>11.5.9. Si els danys s&#8217;han provocat per no tenir en compte les dimensions del vehicle (al\u00e7ada, llargada, amplada).<\/p><p>11.5.10. Si els danys es deuen a un incompliment de les disposicions relatives a la c\u00e0rrega addicional.<\/p><p>11.6. L&#8217;arrendatari respon de totes les despeses, taxes, multes i sancions relacionades amb l&#8217;\u00fas del vehicle, que se li reclamin a l&#8217;arrendador, excepte si \u00e9s degut a causes imputables a aquest \u00faltim.<\/p><p>11.7. En cas que hi hagi m\u00e9s arrendataris, aquests respondran en qualitat de deutors solidaris.<\/p><\/div>\n\t\t\t\t<\/div>\n\t\t\t\t\t\t\t<div class=\"elementor-toggle-item\">\n\t\t\t\t\t<div id=\"elementor-tab-title-21012\" class=\"elementor-tab-title\" data-tab=\"12\" role=\"button\" aria-controls=\"elementor-tab-content-21012\" aria-expanded=\"false\">\n\t\t\t\t\t\t\t\t\t\t\t\t<span class=\"elementor-toggle-icon elementor-toggle-icon-left\" aria-hidden=\"true\">\n\t\t\t\t\t\t\t\t\t\t\t\t\t\t\t<span class=\"elementor-toggle-icon-closed\"><svg class=\"e-font-icon-svg e-fas-caret-right\" viewBox=\"0 0 192 512\" xmlns=\"http:\/\/www.w3.org\/2000\/svg\"><path d=\"M0 384.662V127.338c0-17.818 21.543-26.741 34.142-14.142l128.662 128.662c7.81 7.81 7.81 20.474 0 28.284L34.142 398.804C21.543 411.404 0 402.48 0 384.662z\"><\/path><\/svg><\/span>\n\t\t\t\t\t\t\t\t<span class=\"elementor-toggle-icon-opened\"><svg class=\"elementor-toggle-icon-opened e-font-icon-svg e-fas-caret-up\" viewBox=\"0 0 320 512\" xmlns=\"http:\/\/www.w3.org\/2000\/svg\"><path d=\"M288.662 352H31.338c-17.818 0-26.741-21.543-14.142-34.142l128.662-128.662c7.81-7.81 20.474-7.81 28.284 0l128.662 128.662c12.6 12.599 3.676 34.142-14.142 34.142z\"><\/path><\/svg><\/span>\n\t\t\t\t\t\t\t\t\t\t\t\t\t<\/span>\n\t\t\t\t\t\t\t\t\t\t\t\t<a class=\"elementor-toggle-title\" tabindex=\"0\">12. Responsabilitat de l'arrendador, prescripci\u00f3<\/a>\n\t\t\t\t\t<\/div>\n\n\t\t\t\t\t<div id=\"elementor-tab-content-21012\" class=\"elementor-tab-content elementor-clearfix\" data-tab=\"12\" role=\"region\" aria-labelledby=\"elementor-tab-title-21012\"><p>12.1. L&#8217;arrendador lliura el vehicle en perfecte estat, havent realitzat totes les verificacions i el manteniment necessari pel bon funcionament. No ser\u00e0 responsable de fallades mec\u00e0niques o avaries a causa del seu deteriorament normal, ni \u00e9s responsable de despeses, retards o perjudicis d&#8217;alguna manera produ\u00efts, directament o indirectament com a conseq\u00fc\u00e8ncia d&#8217;aquestes fallades o avaries.<\/p><p>12.2. Si per causa de for\u00e7a major, motius fortu\u00efts o aliens a l&#8217;arrendador, no es pogu\u00e9s lliurar el vehicle a la data convinguda, aix\u00f2 no donar\u00e0 dret a cap indemnitzaci\u00f3, llevat de la devoluci\u00f3 per part de l&#8217;arrendador a l&#8217;arrendatari de la quantitat pagada en concepte de reserva .<\/p><p>12.3. L&#8217;arrendador no assumeix cap responsabilitat davant de l&#8217;arrendatari, sobre l&#8217;autom\u00f2bil de l&#8217;arrendatari que es trobi, en qualitat d&#8217;aparcament gratu\u00eft, a les depend\u00e8ncies de l&#8217;arrendador durant el per\u00edode de lloguer de l&#8217;autocaravana.<\/p><p>12.4. L&#8217;arrendador respondr\u00e0 de manera il\u00b7limitada en cas de dol i neglig\u00e8ncia greu. Si es tracta d&#8217;una neglig\u00e8ncia lleu, l&#8217;arrendador nom\u00e9s respondr\u00e0 de manera limitada als danys previsibles establerts al contracte, en la mesura que s&#8217;infringeixi una obligaci\u00f3 el compliment de la qual sigui especialment important per assolir l&#8217;objectiu contractat (obligaci\u00f3 cardenal). Aquesta mesura de responsabilitat tamb\u00e9 ser\u00e0 v\u00e0lida en els casos en qu\u00e8 sorgeixin obstacles per a la prestaci\u00f3 de serveis en formalitzar el contracte.<\/p><p>12.5. S\u00f3n v\u00e0lides les Condicions Comercials Generals exposades al centre de lloguer en el moment d&#8217;iniciar-se el per\u00edode de lloguer.<\/p><\/div>\n\t\t\t\t<\/div>\n\t\t\t\t\t\t\t<div class=\"elementor-toggle-item\">\n\t\t\t\t\t<div id=\"elementor-tab-title-21013\" class=\"elementor-tab-title\" data-tab=\"13\" role=\"button\" aria-controls=\"elementor-tab-content-21013\" aria-expanded=\"false\">\n\t\t\t\t\t\t\t\t\t\t\t\t<span class=\"elementor-toggle-icon elementor-toggle-icon-left\" aria-hidden=\"true\">\n\t\t\t\t\t\t\t\t\t\t\t\t\t\t\t<span class=\"elementor-toggle-icon-closed\"><svg class=\"e-font-icon-svg e-fas-caret-right\" viewBox=\"0 0 192 512\" xmlns=\"http:\/\/www.w3.org\/2000\/svg\"><path d=\"M0 384.662V127.338c0-17.818 21.543-26.741 34.142-14.142l128.662 128.662c7.81 7.81 7.81 20.474 0 28.284L34.142 398.804C21.543 411.404 0 402.48 0 384.662z\"><\/path><\/svg><\/span>\n\t\t\t\t\t\t\t\t<span class=\"elementor-toggle-icon-opened\"><svg class=\"elementor-toggle-icon-opened e-font-icon-svg e-fas-caret-up\" viewBox=\"0 0 320 512\" xmlns=\"http:\/\/www.w3.org\/2000\/svg\"><path d=\"M288.662 352H31.338c-17.818 0-26.741-21.543-14.142-34.142l128.662-128.662c7.81-7.81 20.474-7.81 28.284 0l128.662 128.662c12.6 12.599 3.676 34.142-14.142 34.142z\"><\/path><\/svg><\/span>\n\t\t\t\t\t\t\t\t\t\t\t\t\t<\/span>\n\t\t\t\t\t\t\t\t\t\t\t\t<a class=\"elementor-toggle-title\" tabindex=\"0\">13. Jurisdicci\u00f3<\/a>\n\t\t\t\t\t<\/div>\n\n\t\t\t\t\t<div id=\"elementor-tab-content-21013\" class=\"elementor-tab-content elementor-clearfix\" data-tab=\"13\" role=\"region\" aria-labelledby=\"elementor-tab-title-21013\"><p>En cas de litigis derivats o relacionats amb el contracte de lloguer de l&#8217;autocaravana, s&#8217;acorda que la jurisdicci\u00f3 sigui la del centre de lloguer.<\/p><\/div>\n\t\t\t\t<\/div>\n\t\t\t\t\t\t\t\t<\/div>\n\t\t\t\t\t\t<\/div>\n\t\t\t\t<\/div>\n\t\t\t\t\t<\/div>\n\t\t\t\t<\/div>\n\t\t<div class=\"elementor-element elementor-element-9075b40 e-flex e-con-boxed e-con e-parent\" data-id=\"9075b40\" data-element_type=\"container\" data-e-type=\"container\">\n\t\t\t\t\t<div class=\"e-con-inner\">\n\t\t\t\t<div class=\"elementor-element elementor-element-3dc125d elementor-widget-divider--separator-type-pattern elementor-widget-divider--view-line elementor-widget elementor-widget-divider\" data-id=\"3dc125d\" data-element_type=\"widget\" data-e-type=\"widget\" data-widget_type=\"divider.default\">\n\t\t\t\t<div class=\"elementor-widget-container\">\n\t\t\t\t\t\t\t<div class=\"elementor-divider\" style=\"--divider-pattern-url: url(&quot;data:image\/svg+xml,%3Csvg xmlns=&#039;http:\/\/www.w3.org\/2000\/svg&#039; preserveAspectRatio=&#039;none&#039; overflow=&#039;visible&#039; height=&#039;100%&#039; viewBox=&#039;0 0 20 16&#039; fill=&#039;none&#039; stroke=&#039;black&#039; stroke-width=&#039;1&#039; stroke-linecap=&#039;square&#039; stroke-miterlimit=&#039;10&#039;%3E%3Cg transform=&#039;translate(-12.000000, 0)&#039;%3E%3Cpath d=&#039;M28,0L10,18&#039;\/%3E%3Cpath d=&#039;M18,0L0,18&#039;\/%3E%3Cpath d=&#039;M48,0L30,18&#039;\/%3E%3Cpath d=&#039;M38,0L20,18&#039;\/%3E%3C\/g%3E%3C\/svg%3E&quot;);\">\n\t\t\t<span class=\"elementor-divider-separator\">\n\t\t\t\t\t\t<\/span>\n\t\t<\/div>\n\t\t\t\t\t\t<\/div>\n\t\t\t\t<\/div>\n\t\t\t\t\t<\/div>\n\t\t\t\t<\/div>\n\t\t\t\t<\/div>\n\t\t","protected":false},"excerpt":{"rendered":"<p>CONDICIONS DE LLOGUER D&#8217;AUTOCARAVANES 1. \u00c0mbit d&#8217;aplicaci\u00f3, contingut del contracte, dret aplicable 1.1. \u00danicament s\u00f3n v\u00e0lides les seg\u00fcents Condicions generals de COMPASS RENT SL, els seus socis i llicenciataris (en endavant, \u201cl\u2019arrendador\u201d). No s\u2019admetran aquelles condiciones que siguin contr\u00e0ries a les Condicions Comercials de l&#8217;Arrendador. Aquestes \u00faltimes tamb\u00e9 seran v\u00e0lides quan l&#8217;arrendador llogui sense reserva [&hellip;]<\/p>\n","protected":false},"author":1,"featured_media":0,"parent":0,"menu_order":0,"comment_status":"closed","ping_status":"closed","template":"","meta":{"footnotes":""},"class_list":["post-2105","page","type-page","status-publish","hentry"],"_links":{"self":[{"href":"https:\/\/www.compassrent.net\/ca\/wp-json\/wp\/v2\/pages\/2105","targetHints":{"allow":["GET"]}}],"collection":[{"href":"https:\/\/www.compassrent.net\/ca\/wp-json\/wp\/v2\/pages"}],"about":[{"href":"https:\/\/www.compassrent.net\/ca\/wp-json\/wp\/v2\/types\/page"}],"author":[{"embeddable":true,"href":"https:\/\/www.compassrent.net\/ca\/wp-json\/wp\/v2\/users\/1"}],"replies":[{"embeddable":true,"href":"https:\/\/www.compassrent.net\/ca\/wp-json\/wp\/v2\/comments?post=2105"}],"version-history":[{"count":8,"href":"https:\/\/www.compassrent.net\/ca\/wp-json\/wp\/v2\/pages\/2105\/revisions"}],"predecessor-version":[{"id":2347,"href":"https:\/\/www.compassrent.net\/ca\/wp-json\/wp\/v2\/pages\/2105\/revisions\/2347"}],"wp:attachment":[{"href":"https:\/\/www.compassrent.net\/ca\/wp-json\/wp\/v2\/media?parent=2105"}],"curies":[{"name":"wp","href":"https:\/\/api.w.org\/{rel}","templated":true}]}}